{"id":527,"date":"2016-04-25T09:42:36","date_gmt":"2016-04-25T07:42:36","guid":{"rendered":"http:\/\/autyzmup.dev\/statut\/?lang=en"},"modified":"2016-06-05T22:05:36","modified_gmt":"2016-06-05T20:05:36","slug":"statute","status":"publish","type":"page","link":"https:\/\/autyzmup.org\/en\/our-mission\/statute\/","title":{"rendered":"Statute"},"content":{"rendered":"<p>  1 Statut Fundacji \u201cAutyzm Up\u201d Rozdzia\u0142 I<br \/>\nPostanowienia og\u00f3lne<br \/>\n\u00a7 1<br \/>\nFundacja nosi nazw\u0119 Fundacja &#8222;AUTYZM UP&#8221;.<br \/>\n\u00a7 2<br \/>\nFundacja ustanowiona zosta\u0142a przez Fundator\u00f3w: Alicj\u0119 Hajto i Jacka Rybickiego, na mocy o\u015bwiadczenia z\u0142o\u017conego w dniu 5 lutego 2015 roku przed notariuszem Andrzejem Cib\u0105 w Krakowie, w prowadzonej przez niego Kancelarii Notarialnej przy ul. Wielopole nr 16\/3 w Krakowie [Repertorium A NR 824\/2015] i dzia\u0142a na podstawie powszechnie obowi\u0105zuj\u0105cych przepis\u00f3w o fundacjach oraz niniejszego statutu.<br \/>\n\u00a7 3<br \/>\nFundacja posiada osobowo\u015b\u0107 prawn\u0105.<br \/>\n\u00a7 4<\/p>\n<p>Fundacja dzia\u0142a na terytorium Rzeczypospolitej Polskiej, przy czym w zakresie niezb\u0119dnym dla w\u0142a\u015bciwego realizowania cel\u00f3w, Fundacja mo\u017ce prowadzi\u0107 dzia\u0142alno\u015b\u0107 tak\u017ce poza granicami Rzeczypospolitej Polskiej, z zachowaniem obowi\u0105zuj\u0105cych przepis\u00f3w prawnych.<br \/>\nSiedzib\u0105 Fundacji jest miasto Krak\u00f3w.<\/p>\n<p>\u00a7 5<br \/>\nFundacja mo\u017ce tworzy\u0107 filie i oddzia\u0142y, a tak\u017ce przyst\u0119powa\u0107 do innych podmiot\u00f3w i fundacji.<br \/>\n\u00a7 6<br \/>\nFundacja mo\u017ce ustanawia\u0107 odznaki, medale honorowe i przyznawa\u0107 je wraz z innymi nagrodami i wyr\u00f3\u017cnieniami osobom fizycznym i prawnym zas\u0142u\u017conym dla Fundacji.<br \/>\nRozdzia\u0142 II<br \/>\nCele, zasady, formy i zakres dzia\u0142alno\u015bci<br \/>\n\u00a7 7<br \/>\nCelami Fundacji s\u0105:<\/p>\n<p>wspieranie os\u00f3b z zaburzeniami autystycznymi i im pokrewnymi i ich rodzin, w szczeg\u00f3lno\u015bci poprzez utworzenie i prowadzenie o\u015brodka dla os\u00f3b doros\u0142ych z w\/w zaburzeniami, zapewniaj\u0105cego mo\u017cliwo\u015b\u0107 sta\u0142ego pobytu lub pobytu dziennego, a tak\u017ce organizowanie lub u\u0142atwianie im pracy, edukacji, terapii lub rehabilitacji;<br \/>\npomoc terapeutyczna, rehabilitacyjna, edukacyjna, a tak\u017ce finansowa i rzeczowa dla os\u00f3b z zaburzeniami rozwoju, w szczeg\u00f3lno\u015bci mieszcz\u0105cymi si\u0119 w grupie tzw. spektrum zaburze\u0144 autystycznych;<br \/>\npomoc dla os\u00f3b niepe\u0142nosprawnych i ich rodzin, w zakresie zwi\u0105zanym z popraw\u0105 zdrowia i ich adaptacj\u0105 w spo\u0142ecze\u0144stwie;<br \/>\npopularyzowanie wiedzy dotycz\u0105cej zaburze\u0144 rozwojowych oraz form pomocy osobom z tymi zaburzeniami;<br \/>\nwspieranie i prowadzenie inicjatyw o charakterze zdrowotnym, edukacyjnym, charytatywnym i naukowym, w szczeg\u00f3lno\u015bci odnosz\u0105cych si\u0119 do zaburze\u0144 rozwoju.<\/p>\n<p>\u00a7 8<br \/>\nFundacja realizuje swoje cele w szczeg\u00f3lno\u015bci poprzez:<\/p>\n<p>pozyskiwanie \u015brodk\u00f3w umo\u017cliwiaj\u0105cych utworzenie i prowadzenie o\u015brodka wskazanego w \u00a7 7 pkt 1 oraz sta\u0142\u0105 piecz\u0119 nad jego funkcjonowaniem;<br \/>\nzapewnianie podopiecznym Fundacji specjalistycznych us\u0142ug opieku\u0144czych oraz edukacji, terapii lub rehabilitacji;<br \/>\ndzia\u0142alno\u015b\u0107 edukacyjn\u0105 i informacyjn\u0105, zw\u0142aszcza organizacj\u0119 konferencji, szkole\u0144, wsp\u00f3\u0142prac\u0119 ze \u015brodkami masowego przekazu;<br \/>\ninicjowanie i rozwijanie wsp\u00f3\u0142pracy z naukowcami i specjalistami krajowymi i zagranicznymi w zakresie cel\u00f3w Fundacji;<br \/>\nopracowywanie metod, koncepcji i dobrych praktyk s\u0142u\u017c\u0105cych realizacji cel\u00f3w Fundacji;<br \/>\nprowadzenie poradnictwa dla rodzin lub innych os\u00f3b zajmuj\u0105cych si\u0119 \u015bwiadczeniem pomocy osobom z zaburzeniami autystycznymi i im pokrewnymi;<br \/>\norganizowanie pomocy finansowej i rzeczowej na rzecz os\u00f3b z zaburzeniami rozwojowymi i ich rodzin, w postaci zbi\u00f3rek pieni\u0119\u017cnych oraz pozyskiwania sponsor\u00f3w sta\u0142ych lub okoliczno\u015bciowych;<br \/>\ndzia\u0142alno\u015b\u0107 wydawnicz\u0105;<br \/>\nwsp\u00f3\u0142prac\u0119 z organami w\u0142adzy publicznej i samorz\u0105du terytorialnego, plac\u00f3wkami s\u0142u\u017cby zdrowia, stowarzyszeniami i fundacjami o podobnych celach oraz innymi jednostkami organizacyjnymi.<\/p>\n<p>\u00a7 9<br \/>\nFundacja mo\u017ce prowadzi\u0107 dzia\u0142alno\u015b\u0107 nieodp\u0142atn\u0105 w nast\u0119puj\u0105cym zakresie:<\/p>\n<p>pozosta\u0142e zakwaterowanie;<br \/>\nprzygotowywanie \u017cywno\u015bci dla odbiorc\u00f3w zewn\u0119trznych (katering) i pozosta\u0142a gastronomiczna dzia\u0142alno\u015b\u0107 us\u0142ugowa;<br \/>\nwydawanie ksi\u0105\u017cek i periodyk\u00f3w oraz pozosta\u0142a dzia\u0142alno\u015b\u0107 wydawnicza;<br \/>\npozaszkolne formy edukacji;<br \/>\npomoc spo\u0142eczna z zakwaterowaniem;<br \/>\npomoc spo\u0142eczna bez zakwaterowania.<\/p>\n<p>\u00a7 10<br \/>\nFundacja mo\u017ce prowadzi\u0107 dzia\u0142alno\u015b\u0107 odp\u0142atn\u0105 w nast\u0119puj\u0105cym zakresie:<\/p>\n<p>sprzeda\u017c detaliczna prowadzona na straganach i targowiskach;<br \/>\nsprzeda\u017c detaliczna prowadzona poza sieci\u0105 sklepow\u0105, straganami i targowiskami;<br \/>\npozosta\u0142e zakwaterowanie;<br \/>\nprzygotowywanie \u017cywno\u015bci dla odbiorc\u00f3w zewn\u0119trznych (katering) i pozosta\u0142a gastronomiczna dzia\u0142alno\u015b\u0107 us\u0142ugowa;<br \/>\nwydawanie ksi\u0105\u017cek i periodyk\u00f3w oraz pozosta\u0142a dzia\u0142alno\u015b\u0107 wydawnicza;<br \/>\nwynajem i zarz\u0105dzanie nieruchomo\u015bciami w\u0142asnymi lub dzier\u017cawionymi;<br \/>\nwypo\u017cyczanie i dzier\u017cawa artyku\u0142\u00f3w u\u017cytku osobistego i domowego;<br \/>\npozaszkolne formy edukacji;<br \/>\npomoc spo\u0142eczna z zakwaterowaniem;<br \/>\npomoc spo\u0142eczna bez zakwaterowania.<\/p>\n","protected":false},"excerpt":{"rendered":"<p>1 Statut Fundacji \u201cAutyzm Up\u201d Rozdzia\u0142 I Postanowienia og\u00f3lne \u00a7 1 Fundacja nosi nazw\u0119 Fundacja &#8222;AUTYZM UP&#8221;. \u00a7 2 Fundacja ustanowiona zosta\u0142a przez Fundator\u00f3w: Alicj\u0119 Hajto i Jacka Rybickiego, na mocy o\u015bwiadczenia z\u0142o\u017conego w dniu 5 lutego 2015 roku przed notariuszem Andrzejem Cib\u0105 w Krakowie, w prowadzonej przez niego Kancelarii Notarialnej przy ul. Wielopole nr [&hellip;]<\/p>\n","protected":false},"author":1,"featured_media":0,"parent":564,"menu_order":0,"comment_status":"closed","ping_status":"closed","template":"page-tpl-tekstowa.php","meta":{"ngg_post_thumbnail":0},"acf":[],"yoast_head":"<!-- This site is optimized with the Yoast SEO plugin v20.0 - https:\/\/yoast.com\/wordpress\/plugins\/seo\/ -->\n<title>Statute - AutyzmUP<\/title>\n<meta name=\"robots\" content=\"index, follow, max-snippet:-1, max-image-preview:large, max-video-preview:-1\" \/>\n<link rel=\"canonical\" href=\"https:\/\/autyzmup.org\/en\/our-mission\/statute\/\" \/>\n<meta property=\"og:locale\" content=\"en_US\" \/>\n<meta property=\"og:type\" content=\"article\" \/>\n<meta property=\"og:title\" content=\"Statute - AutyzmUP\" \/>\n<meta property=\"og:description\" content=\"1 Statut Fundacji \u201cAutyzm Up\u201d Rozdzia\u0142 I Postanowienia og\u00f3lne \u00a7 1 Fundacja nosi nazw\u0119 Fundacja &#8222;AUTYZM UP&#8221;. \u00a7 2 Fundacja ustanowiona zosta\u0142a przez Fundator\u00f3w: Alicj\u0119 Hajto i Jacka Rybickiego, na mocy o\u015bwiadczenia z\u0142o\u017conego w dniu 5 lutego 2015 roku przed notariuszem Andrzejem Cib\u0105 w Krakowie, w prowadzonej przez niego Kancelarii Notarialnej przy ul. Wielopole nr [&hellip;]\" \/>\n<meta property=\"og:url\" content=\"https:\/\/autyzmup.org\/en\/our-mission\/statute\/\" \/>\n<meta property=\"og:site_name\" content=\"AutyzmUP\" \/>\n<meta property=\"article:modified_time\" content=\"2016-06-05T20:05:36+00:00\" \/>\n<meta name=\"twitter:card\" content=\"summary_large_image\" \/>\n<meta name=\"twitter:label1\" content=\"Est. reading time\" \/>\n\t<meta name=\"twitter:data1\" content=\"3 minutes\" \/>\n<script type=\"application\/ld+json\" class=\"yoast-schema-graph\">{\"@context\":\"https:\/\/schema.org\",\"@graph\":[{\"@type\":\"WebPage\",\"@id\":\"https:\/\/autyzmup.org\/en\/our-mission\/statute\/\",\"url\":\"https:\/\/autyzmup.org\/en\/our-mission\/statute\/\",\"name\":\"Statute - AutyzmUP\",\"isPartOf\":{\"@id\":\"https:\/\/autyzmup.org\/#website\"},\"datePublished\":\"2016-04-25T07:42:36+00:00\",\"dateModified\":\"2016-06-05T20:05:36+00:00\",\"breadcrumb\":{\"@id\":\"https:\/\/autyzmup.org\/en\/our-mission\/statute\/#breadcrumb\"},\"inLanguage\":\"en-US\",\"potentialAction\":[{\"@type\":\"ReadAction\",\"target\":[\"https:\/\/autyzmup.org\/en\/our-mission\/statute\/\"]}]},{\"@type\":\"BreadcrumbList\",\"@id\":\"https:\/\/autyzmup.org\/en\/our-mission\/statute\/#breadcrumb\",\"itemListElement\":[{\"@type\":\"ListItem\",\"position\":1,\"name\":\"Strona g\u0142\u00f3wna\",\"item\":\"https:\/\/autyzmup.org\/en\/\"},{\"@type\":\"ListItem\",\"position\":2,\"name\":\"Our mission\",\"item\":\"https:\/\/autyzmup.org\/en\/our-mission\/\"},{\"@type\":\"ListItem\",\"position\":3,\"name\":\"Statute\"}]},{\"@type\":\"WebSite\",\"@id\":\"https:\/\/autyzmup.org\/#website\",\"url\":\"https:\/\/autyzmup.org\/\",\"name\":\"AutyzmUP\",\"description\":\"Budujemy \u015bwiadom\u0105 spo\u0142eczno\u015b\u0107, kt&oacute;ra jest zaanga\u017cowana w popraw\u0119 jako\u015bci \u017cycia os&oacute;b z autyzmem i ich rodzin.\",\"publisher\":{\"@id\":\"https:\/\/autyzmup.org\/#organization\"},\"potentialAction\":[{\"@type\":\"SearchAction\",\"target\":{\"@type\":\"EntryPoint\",\"urlTemplate\":\"https:\/\/autyzmup.org\/?s={search_term_string}\"},\"query-input\":\"required name=search_term_string\"}],\"inLanguage\":\"en-US\"},{\"@type\":\"Organization\",\"@id\":\"https:\/\/autyzmup.org\/#organization\",\"name\":\"Fundacja Autyzm Up\",\"url\":\"https:\/\/autyzmup.org\/\",\"logo\":{\"@type\":\"ImageObject\",\"inLanguage\":\"en-US\",\"@id\":\"https:\/\/autyzmup.org\/#\/schema\/logo\/image\/\",\"url\":\"https:\/\/autyzmup.org\/wp-content\/uploads\/2019\/02\/login-h1-2.png\",\"contentUrl\":\"https:\/\/autyzmup.org\/wp-content\/uploads\/2019\/02\/login-h1-2.png\",\"width\":1427,\"height\":450,\"caption\":\"Fundacja Autyzm Up\"},\"image\":{\"@id\":\"https:\/\/autyzmup.org\/#\/schema\/logo\/image\/\"}}]}<\/script>\n<!-- \/ Yoast SEO plugin. -->","yoast_head_json":{"title":"Statute - AutyzmUP","robots":{"index":"index","follow":"follow","max-snippet":"max-snippet:-1","max-image-preview":"max-image-preview:large","max-video-preview":"max-video-preview:-1"},"canonical":"https:\/\/autyzmup.org\/en\/our-mission\/statute\/","og_locale":"en_US","og_type":"article","og_title":"Statute - AutyzmUP","og_description":"1 Statut Fundacji \u201cAutyzm Up\u201d Rozdzia\u0142 I Postanowienia og\u00f3lne \u00a7 1 Fundacja nosi nazw\u0119 Fundacja &#8222;AUTYZM UP&#8221;. \u00a7 2 Fundacja ustanowiona zosta\u0142a przez Fundator\u00f3w: Alicj\u0119 Hajto i Jacka Rybickiego, na mocy o\u015bwiadczenia z\u0142o\u017conego w dniu 5 lutego 2015 roku przed notariuszem Andrzejem Cib\u0105 w Krakowie, w prowadzonej przez niego Kancelarii Notarialnej przy ul. Wielopole nr [&hellip;]","og_url":"https:\/\/autyzmup.org\/en\/our-mission\/statute\/","og_site_name":"AutyzmUP","article_modified_time":"2016-06-05T20:05:36+00:00","twitter_card":"summary_large_image","twitter_misc":{"Est. reading time":"3 minutes"},"schema":{"@context":"https:\/\/schema.org","@graph":[{"@type":"WebPage","@id":"https:\/\/autyzmup.org\/en\/our-mission\/statute\/","url":"https:\/\/autyzmup.org\/en\/our-mission\/statute\/","name":"Statute - AutyzmUP","isPartOf":{"@id":"https:\/\/autyzmup.org\/#website"},"datePublished":"2016-04-25T07:42:36+00:00","dateModified":"2016-06-05T20:05:36+00:00","breadcrumb":{"@id":"https:\/\/autyzmup.org\/en\/our-mission\/statute\/#breadcrumb"},"inLanguage":"en-US","potentialAction":[{"@type":"ReadAction","target":["https:\/\/autyzmup.org\/en\/our-mission\/statute\/"]}]},{"@type":"BreadcrumbList","@id":"https:\/\/autyzmup.org\/en\/our-mission\/statute\/#breadcrumb","itemListElement":[{"@type":"ListItem","position":1,"name":"Strona g\u0142\u00f3wna","item":"https:\/\/autyzmup.org\/en\/"},{"@type":"ListItem","position":2,"name":"Our mission","item":"https:\/\/autyzmup.org\/en\/our-mission\/"},{"@type":"ListItem","position":3,"name":"Statute"}]},{"@type":"WebSite","@id":"https:\/\/autyzmup.org\/#website","url":"https:\/\/autyzmup.org\/","name":"AutyzmUP","description":"Budujemy \u015bwiadom\u0105 spo\u0142eczno\u015b\u0107, kt&oacute;ra jest zaanga\u017cowana w popraw\u0119 jako\u015bci \u017cycia os&oacute;b z autyzmem i ich rodzin.","publisher":{"@id":"https:\/\/autyzmup.org\/#organization"},"potentialAction":[{"@type":"SearchAction","target":{"@type":"EntryPoint","urlTemplate":"https:\/\/autyzmup.org\/?s={search_term_string}"},"query-input":"required name=search_term_string"}],"inLanguage":"en-US"},{"@type":"Organization","@id":"https:\/\/autyzmup.org\/#organization","name":"Fundacja Autyzm Up","url":"https:\/\/autyzmup.org\/","logo":{"@type":"ImageObject","inLanguage":"en-US","@id":"https:\/\/autyzmup.org\/#\/schema\/logo\/image\/","url":"https:\/\/autyzmup.org\/wp-content\/uploads\/2019\/02\/login-h1-2.png","contentUrl":"https:\/\/autyzmup.org\/wp-content\/uploads\/2019\/02\/login-h1-2.png","width":1427,"height":450,"caption":"Fundacja Autyzm Up"},"image":{"@id":"https:\/\/autyzmup.org\/#\/schema\/logo\/image\/"}}]}},"_links":{"self":[{"href":"https:\/\/autyzmup.org\/en\/wp-json\/wp\/v2\/pages\/527"}],"collection":[{"href":"https:\/\/autyzmup.org\/en\/wp-json\/wp\/v2\/pages"}],"about":[{"href":"https:\/\/autyzmup.org\/en\/wp-json\/wp\/v2\/types\/page"}],"author":[{"embeddable":true,"href":"https:\/\/autyzmup.org\/en\/wp-json\/wp\/v2\/users\/1"}],"replies":[{"embeddable":true,"href":"https:\/\/autyzmup.org\/en\/wp-json\/wp\/v2\/comments?post=527"}],"version-history":[{"count":0,"href":"https:\/\/autyzmup.org\/en\/wp-json\/wp\/v2\/pages\/527\/revisions"}],"up":[{"embeddable":true,"href":"https:\/\/autyzmup.org\/en\/wp-json\/wp\/v2\/pages\/564"}],"wp:attachment":[{"href":"https:\/\/autyzmup.org\/en\/wp-json\/wp\/v2\/media?parent=527"}],"curies":[{"name":"wp","href":"https:\/\/api.w.org\/{rel}","templated":true}]}}